{"id":15951,"date":"2026-01-29T12:26:25","date_gmt":"2026-01-29T11:26:25","guid":{"rendered":"https:\/\/www.kjt.lu\/?post_type=tribe_events&#038;p=15951"},"modified":"2026-03-30T11:55:43","modified_gmt":"2026-03-30T09:55:43","slug":"kannerrechtsrallye-rallye-sur-les-droits-de-lenfant","status":"publish","type":"tribe_events","link":"https:\/\/www.kjt.lu\/fr\/event\/kannerrechtsrallye-rallye-sur-les-droits-de-lenfant\/","title":{"rendered":"Kannerrechtsrallye &#8211; Rallye sur les droits de l&rsquo;enfant"},"content":{"rendered":"<p>L&rsquo;\u00e9quipe d&rsquo;ambassadeurs KJT sera pr\u00e9sente avec un stand d&rsquo;information et organisera des activit\u00e9s participatives sur le th\u00e8me des droits de l&rsquo;enfant et du KJT.<\/p>\n<p><a href=\"https:\/\/www.kjt.lu\/wp-content\/uploads\/2026\/01\/Flyer-Kannerrechtsrallye-Centre-Cinqfontaines-2026.pdf\"><img decoding=\"async\" class=\"alignnone size-large wp-image-16061\" src=\"https:\/\/www.kjt.lu\/wp-content\/uploads\/2026\/01\/Flyer-Kannerrechtsrallye-Centre-Cinqfontaines-2026_Page_1-2-724x1024.jpg\" alt=\"\" width=\"724\" height=\"1024\" srcset=\"https:\/\/www.kjt.lu\/wp-content\/uploads\/2026\/01\/Flyer-Kannerrechtsrallye-Centre-Cinqfontaines-2026_Page_1-2-724x1024.jpg 724w, https:\/\/www.kjt.lu\/wp-content\/uploads\/2026\/01\/Flyer-Kannerrechtsrallye-Centre-Cinqfontaines-2026_Page_1-2-212x300.jpg 212w, https:\/\/www.kjt.lu\/wp-content\/uploads\/2026\/01\/Flyer-Kannerrechtsrallye-Centre-Cinqfontaines-2026_Page_1-2-768x1086.jpg 768w, https:\/\/www.kjt.lu\/wp-content\/uploads\/2026\/01\/Flyer-Kannerrechtsrallye-Centre-Cinqfontaines-2026_Page_1-2-1086x1536.jpg 1086w, https:\/\/www.kjt.lu\/wp-content\/uploads\/2026\/01\/Flyer-Kannerrechtsrallye-Centre-Cinqfontaines-2026_Page_1-2-1448x2048.jpg 1448w, https:\/\/www.kjt.lu\/wp-content\/uploads\/2026\/01\/Flyer-Kannerrechtsrallye-Centre-Cinqfontaines-2026_Page_1-2.jpg 1655w\" sizes=\"(max-width: 724px) 100vw, 724px\" \/><\/a><\/p>\n","protected":false},"excerpt":{"rendered":"<p>L&rsquo;\u00e9quipe d&rsquo;ambassadeurs KJT sera pr\u00e9sente avec un stand d&rsquo;information et organisera des activit\u00e9s participatives sur le th\u00e8me des droits de\u2026<\/p>\n","protected":false},"author":3,"featured_media":16060,"comment_status":"closed","ping_status":"closed","template":"","meta":{"_tribe_events_status":"","_tribe_events_status_reason":"","footnotes":""},"tags":[552,706,705],"tribe_events_cat":[551,578],"class_list":["post-15951","tribe_events","type-tribe_events","status-publish","has-post-thumbnail","hentry","tag-ambassadeur","tag-kannerrechtsrallye-fr","tag-rallye-sur-les-droits-de-lenfant","tribe_events_cat-ambassadeur-kjt","tribe_events_cat-event-3","cat_ambassadeur-kjt","cat_event-3"],"yoast_head":"<!-- This site is optimized with the Yoast SEO plugin v25.4 - https:\/\/yoast.com\/wordpress\/plugins\/seo\/ -->\n<title>Kannerrechtsrallye - Rallye sur les droits de l&#039;enfant | KJT<\/title>\n<meta name=\"robots\" content=\"index, follow, max-snippet:-1, max-image-preview:large, max-video-preview:-1\" \/>\n<link rel=\"canonical\" href=\"https:\/\/www.kjt.lu\/fr\/event\/kannerrechtsrallye-rallye-sur-les-droits-de-lenfant\/\" \/>\n<meta property=\"og:locale\" content=\"fr_FR\" \/>\n<meta property=\"og:type\" content=\"article\" \/>\n<meta property=\"og:title\" content=\"Kannerrechtsrallye - Rallye sur les droits de l&#039;enfant | KJT\" \/>\n<meta property=\"og:description\" content=\"L&rsquo;\u00e9quipe d&rsquo;ambassadeurs KJT sera pr\u00e9sente avec un stand d&rsquo;information et organisera des activit\u00e9s participatives sur le th\u00e8me des droits de\u2026\" \/>\n<meta property=\"og:url\" content=\"https:\/\/www.kjt.lu\/fr\/event\/kannerrechtsrallye-rallye-sur-les-droits-de-lenfant\/\" \/>\n<meta property=\"og:site_name\" content=\"KJT\" \/>\n<meta property=\"article:publisher\" content=\"https:\/\/www.facebook.com\/kannerjugendtelefon\" \/>\n<meta property=\"article:modified_time\" content=\"2026-03-30T09:55:43+00:00\" \/>\n<meta property=\"og:image\" content=\"https:\/\/www.kjt.lu\/wp-content\/uploads\/2026\/01\/Kannerrechtsrallye-Centre-Cinqfontaines-2026_Ausschnitt-1.jpg\" \/>\n\t<meta property=\"og:image:width\" content=\"1606\" \/>\n\t<meta property=\"og:image:height\" content=\"1181\" \/>\n\t<meta property=\"og:image:type\" content=\"image\/jpeg\" \/>\n<meta name=\"twitter:card\" content=\"summary_large_image\" \/>\n<meta name=\"twitter:label1\" content=\"Dur\u00e9e de lecture estim\u00e9e\" \/>\n\t<meta name=\"twitter:data1\" content=\"1 minute\" \/>\n<script type=\"application\/ld+json\" class=\"yoast-schema-graph\">{\"@context\":\"https:\/\/schema.org\",\"@graph\":[{\"@type\":\"WebPage\",\"@id\":\"https:\/\/www.kjt.lu\/fr\/event\/kannerrechtsrallye-rallye-sur-les-droits-de-lenfant\/\",\"url\":\"https:\/\/www.kjt.lu\/fr\/event\/kannerrechtsrallye-rallye-sur-les-droits-de-lenfant\/\",\"name\":\"Kannerrechtsrallye - Rallye sur les droits de l'enfant | KJT\",\"isPartOf\":{\"@id\":\"https:\/\/www.kjt.lu\/fr\/#website\"},\"primaryImageOfPage\":{\"@id\":\"https:\/\/www.kjt.lu\/fr\/event\/kannerrechtsrallye-rallye-sur-les-droits-de-lenfant\/#primaryimage\"},\"image\":{\"@id\":\"https:\/\/www.kjt.lu\/fr\/event\/kannerrechtsrallye-rallye-sur-les-droits-de-lenfant\/#primaryimage\"},\"thumbnailUrl\":\"https:\/\/www.kjt.lu\/wp-content\/uploads\/2026\/01\/Kannerrechtsrallye-Centre-Cinqfontaines-2026_Ausschnitt-1.jpg\",\"datePublished\":\"2026-01-29T11:26:25+00:00\",\"dateModified\":\"2026-03-30T09:55:43+00:00\",\"breadcrumb\":{\"@id\":\"https:\/\/www.kjt.lu\/fr\/event\/kannerrechtsrallye-rallye-sur-les-droits-de-lenfant\/#breadcrumb\"},\"inLanguage\":\"fr-FR\",\"potentialAction\":[{\"@type\":\"ReadAction\",\"target\":[\"https:\/\/www.kjt.lu\/fr\/event\/kannerrechtsrallye-rallye-sur-les-droits-de-lenfant\/\"]}]},{\"@type\":\"ImageObject\",\"inLanguage\":\"fr-FR\",\"@id\":\"https:\/\/www.kjt.lu\/fr\/event\/kannerrechtsrallye-rallye-sur-les-droits-de-lenfant\/#primaryimage\",\"url\":\"https:\/\/www.kjt.lu\/wp-content\/uploads\/2026\/01\/Kannerrechtsrallye-Centre-Cinqfontaines-2026_Ausschnitt-1.jpg\",\"contentUrl\":\"https:\/\/www.kjt.lu\/wp-content\/uploads\/2026\/01\/Kannerrechtsrallye-Centre-Cinqfontaines-2026_Ausschnitt-1.jpg\",\"width\":1606,\"height\":1181},{\"@type\":\"BreadcrumbList\",\"@id\":\"https:\/\/www.kjt.lu\/fr\/event\/kannerrechtsrallye-rallye-sur-les-droits-de-lenfant\/#breadcrumb\",\"itemListElement\":[{\"@type\":\"ListItem\",\"position\":1,\"name\":\"Startseite\",\"item\":\"https:\/\/www.kjt.lu\/fr\/\"},{\"@type\":\"ListItem\",\"position\":2,\"name\":\"\u00c9v\u00e8nements\",\"item\":\"https:\/\/www.kjt.lu\/fr\/events\/\"},{\"@type\":\"ListItem\",\"position\":3,\"name\":\"Kannerrechtsrallye &#8211; Rallye sur les droits de l&rsquo;enfant\"}]},{\"@type\":\"WebSite\",\"@id\":\"https:\/\/www.kjt.lu\/fr\/#website\",\"url\":\"https:\/\/www.kjt.lu\/fr\/\",\"name\":\"KJT\",\"description\":\"Beratung, Hilfe und Informationen f\u00fcr Kinder und Jugendliche\",\"publisher\":{\"@id\":\"https:\/\/www.kjt.lu\/fr\/#organization\"},\"potentialAction\":[{\"@type\":\"SearchAction\",\"target\":{\"@type\":\"EntryPoint\",\"urlTemplate\":\"https:\/\/www.kjt.lu\/fr\/?s={search_term_string}\"},\"query-input\":{\"@type\":\"PropertyValueSpecification\",\"valueRequired\":true,\"valueName\":\"search_term_string\"}}],\"inLanguage\":\"fr-FR\"},{\"@type\":\"Organization\",\"@id\":\"https:\/\/www.kjt.lu\/fr\/#organization\",\"name\":\"KJT\",\"url\":\"https:\/\/www.kjt.lu\/fr\/\",\"logo\":{\"@type\":\"ImageObject\",\"inLanguage\":\"fr-FR\",\"@id\":\"https:\/\/www.kjt.lu\/fr\/#\/schema\/logo\/image\/\",\"url\":\"https:\/\/www.kjt.lu\/wp-content\/uploads\/2021\/01\/kjt_white_144x61.png\",\"contentUrl\":\"https:\/\/www.kjt.lu\/wp-content\/uploads\/2021\/01\/kjt_white_144x61.png\",\"width\":143,\"height\":61,\"caption\":\"KJT\"},\"image\":{\"@id\":\"https:\/\/www.kjt.lu\/fr\/#\/schema\/logo\/image\/\"},\"sameAs\":[\"https:\/\/www.facebook.com\/kannerjugendtelefon\",\"https:\/\/www.instagram.com\/kannerjugendtelefon\/\"]}]}<\/script>\n<!-- \/ Yoast SEO plugin. -->","yoast_head_json":{"title":"Kannerrechtsrallye - Rallye sur les droits de l'enfant | KJT","robots":{"index":"index","follow":"follow","max-snippet":"max-snippet:-1","max-image-preview":"max-image-preview:large","max-video-preview":"max-video-preview:-1"},"canonical":"https:\/\/www.kjt.lu\/fr\/event\/kannerrechtsrallye-rallye-sur-les-droits-de-lenfant\/","og_locale":"fr_FR","og_type":"article","og_title":"Kannerrechtsrallye - Rallye sur les droits de l'enfant | KJT","og_description":"L&rsquo;\u00e9quipe d&rsquo;ambassadeurs KJT sera pr\u00e9sente avec un stand d&rsquo;information et organisera des activit\u00e9s participatives sur le th\u00e8me des droits de\u2026","og_url":"https:\/\/www.kjt.lu\/fr\/event\/kannerrechtsrallye-rallye-sur-les-droits-de-lenfant\/","og_site_name":"KJT","article_publisher":"https:\/\/www.facebook.com\/kannerjugendtelefon","article_modified_time":"2026-03-30T09:55:43+00:00","og_image":[{"width":1606,"height":1181,"url":"https:\/\/www.kjt.lu\/wp-content\/uploads\/2026\/01\/Kannerrechtsrallye-Centre-Cinqfontaines-2026_Ausschnitt-1.jpg","type":"image\/jpeg"}],"twitter_card":"summary_large_image","twitter_misc":{"Dur\u00e9e de lecture estim\u00e9e":"1 minute"},"schema":{"@context":"https:\/\/schema.org","@graph":[{"@type":"WebPage","@id":"https:\/\/www.kjt.lu\/fr\/event\/kannerrechtsrallye-rallye-sur-les-droits-de-lenfant\/","url":"https:\/\/www.kjt.lu\/fr\/event\/kannerrechtsrallye-rallye-sur-les-droits-de-lenfant\/","name":"Kannerrechtsrallye - Rallye sur les droits de l'enfant | KJT","isPartOf":{"@id":"https:\/\/www.kjt.lu\/fr\/#website"},"primaryImageOfPage":{"@id":"https:\/\/www.kjt.lu\/fr\/event\/kannerrechtsrallye-rallye-sur-les-droits-de-lenfant\/#primaryimage"},"image":{"@id":"https:\/\/www.kjt.lu\/fr\/event\/kannerrechtsrallye-rallye-sur-les-droits-de-lenfant\/#primaryimage"},"thumbnailUrl":"https:\/\/www.kjt.lu\/wp-content\/uploads\/2026\/01\/Kannerrechtsrallye-Centre-Cinqfontaines-2026_Ausschnitt-1.jpg","datePublished":"2026-01-29T11:26:25+00:00","dateModified":"2026-03-30T09:55:43+00:00","breadcrumb":{"@id":"https:\/\/www.kjt.lu\/fr\/event\/kannerrechtsrallye-rallye-sur-les-droits-de-lenfant\/#breadcrumb"},"inLanguage":"fr-FR","potentialAction":[{"@type":"ReadAction","target":["https:\/\/www.kjt.lu\/fr\/event\/kannerrechtsrallye-rallye-sur-les-droits-de-lenfant\/"]}]},{"@type":"ImageObject","inLanguage":"fr-FR","@id":"https:\/\/www.kjt.lu\/fr\/event\/kannerrechtsrallye-rallye-sur-les-droits-de-lenfant\/#primaryimage","url":"https:\/\/www.kjt.lu\/wp-content\/uploads\/2026\/01\/Kannerrechtsrallye-Centre-Cinqfontaines-2026_Ausschnitt-1.jpg","contentUrl":"https:\/\/www.kjt.lu\/wp-content\/uploads\/2026\/01\/Kannerrechtsrallye-Centre-Cinqfontaines-2026_Ausschnitt-1.jpg","width":1606,"height":1181},{"@type":"BreadcrumbList","@id":"https:\/\/www.kjt.lu\/fr\/event\/kannerrechtsrallye-rallye-sur-les-droits-de-lenfant\/#breadcrumb","itemListElement":[{"@type":"ListItem","position":1,"name":"Startseite","item":"https:\/\/www.kjt.lu\/fr\/"},{"@type":"ListItem","position":2,"name":"\u00c9v\u00e8nements","item":"https:\/\/www.kjt.lu\/fr\/events\/"},{"@type":"ListItem","position":3,"name":"Kannerrechtsrallye &#8211; Rallye sur les droits de l&rsquo;enfant"}]},{"@type":"WebSite","@id":"https:\/\/www.kjt.lu\/fr\/#website","url":"https:\/\/www.kjt.lu\/fr\/","name":"KJT","description":"Beratung, Hilfe und Informationen f\u00fcr Kinder und Jugendliche","publisher":{"@id":"https:\/\/www.kjt.lu\/fr\/#organization"},"potentialAction":[{"@type":"SearchAction","target":{"@type":"EntryPoint","urlTemplate":"https:\/\/www.kjt.lu\/fr\/?s={search_term_string}"},"query-input":{"@type":"PropertyValueSpecification","valueRequired":true,"valueName":"search_term_string"}}],"inLanguage":"fr-FR"},{"@type":"Organization","@id":"https:\/\/www.kjt.lu\/fr\/#organization","name":"KJT","url":"https:\/\/www.kjt.lu\/fr\/","logo":{"@type":"ImageObject","inLanguage":"fr-FR","@id":"https:\/\/www.kjt.lu\/fr\/#\/schema\/logo\/image\/","url":"https:\/\/www.kjt.lu\/wp-content\/uploads\/2021\/01\/kjt_white_144x61.png","contentUrl":"https:\/\/www.kjt.lu\/wp-content\/uploads\/2021\/01\/kjt_white_144x61.png","width":143,"height":61,"caption":"KJT"},"image":{"@id":"https:\/\/www.kjt.lu\/fr\/#\/schema\/logo\/image\/"},"sameAs":["https:\/\/www.facebook.com\/kannerjugendtelefon","https:\/\/www.instagram.com\/kannerjugendtelefon\/"]}]}},"_links":{"self":[{"href":"https:\/\/www.kjt.lu\/fr\/wp-json\/wp\/v2\/tribe_events\/15951"}],"collection":[{"href":"https:\/\/www.kjt.lu\/fr\/wp-json\/wp\/v2\/tribe_events"}],"about":[{"href":"https:\/\/www.kjt.lu\/fr\/wp-json\/wp\/v2\/types\/tribe_events"}],"author":[{"embeddable":true,"href":"https:\/\/www.kjt.lu\/fr\/wp-json\/wp\/v2\/users\/3"}],"replies":[{"embeddable":true,"href":"https:\/\/www.kjt.lu\/fr\/wp-json\/wp\/v2\/comments?post=15951"}],"version-history":[{"count":2,"href":"https:\/\/www.kjt.lu\/fr\/wp-json\/wp\/v2\/tribe_events\/15951\/revisions"}],"predecessor-version":[{"id":16062,"href":"https:\/\/www.kjt.lu\/fr\/wp-json\/wp\/v2\/tribe_events\/15951\/revisions\/16062"}],"wp:featuredmedia":[{"embeddable":true,"href":"https:\/\/www.kjt.lu\/fr\/wp-json\/wp\/v2\/media\/16060"}],"wp:attachment":[{"href":"https:\/\/www.kjt.lu\/fr\/wp-json\/wp\/v2\/media?parent=15951"}],"wp:term":[{"taxonomy":"post_tag","embeddable":true,"href":"https:\/\/www.kjt.lu\/fr\/wp-json\/wp\/v2\/tags?post=15951"},{"taxonomy":"tribe_events_cat","embeddable":true,"href":"https:\/\/www.kjt.lu\/fr\/wp-json\/wp\/v2\/tribe_events_cat?post=15951"}],"curies":[{"name":"wp","href":"https:\/\/api.w.org\/{rel}","templated":true}]}}